{"version":"1.0","provider_name":"BAUM e.V.","provider_url":"https:\/\/baumev.de\/en\/","author_name":"rittweger","author_url":"https:\/\/baumev.de\/en\/author\/rittweger\/","title":"Aktiv f\u00fcr nachhaltig wirtschaftende Unternehmen - BAUM e.V.","type":"rich","width":600,"height":338,"html":"<blockquote class=\"wp-embedded-content\" data-secret=\"w5Udj9NZ8A\"><a href=\"https:\/\/baumev.de\/en\/aktiv-fuer-nachhaltig-wirtschaftende-unternehmen\/\">Aktiv f\u00fcr nachhaltig wirtschaftende Unternehmen<\/a><\/blockquote><iframe sandbox=\"allow-scripts\" security=\"restricted\" src=\"https:\/\/baumev.de\/en\/aktiv-fuer-nachhaltig-wirtschaftende-unternehmen\/embed\/#?secret=w5Udj9NZ8A\" width=\"600\" height=\"338\" title=\"&#8220;Aktiv f\u00fcr nachhaltig wirtschaftende Unternehmen&#8221; &#8212; BAUM e.V.\" data-secret=\"w5Udj9NZ8A\" frameborder=\"0\" marginwidth=\"0\" marginheight=\"0\" scrolling=\"no\" class=\"wp-embedded-content\"><\/iframe><script type=\"text\/javascript\">\n\/* <![CDATA[ *\/\n\/*! This file is auto-generated *\/\n!function(d,l){\"use strict\";l.querySelector&&d.addEventListener&&\"undefined\"!=typeof URL&&(d.wp=d.wp||{},d.wp.receiveEmbedMessage||(d.wp.receiveEmbedMessage=function(e){var t=e.data;if((t||t.secret||t.message||t.value)&&!\/[^a-zA-Z0-9]\/.test(t.secret)){for(var s,r,n,a=l.querySelectorAll('iframe[data-secret=\"'+t.secret+'\"]'),o=l.querySelectorAll('blockquote[data-secret=\"'+t.secret+'\"]'),c=new RegExp(\"^https?:$\",\"i\"),i=0;i<o.length;i++)o[i].style.display=\"none\";for(i=0;i<a.length;i++)s=a[i],e.source===s.contentWindow&&(s.removeAttribute(\"style\"),\"height\"===t.message?(1e3<(r=parseInt(t.value,10))?r=1e3:~~r<200&&(r=200),s.height=r):\"link\"===t.message&&(r=new URL(s.getAttribute(\"src\")),n=new URL(t.value),c.test(n.protocol))&&n.host===r.host&&l.activeElement===s&&(d.top.location.href=t.value))}},d.addEventListener(\"message\",d.wp.receiveEmbedMessage,!1),l.addEventListener(\"DOMContentLoaded\",function(){for(var e,t,s=l.querySelectorAll(\"iframe.wp-embedded-content\"),r=0;r<s.length;r++)(t=(e=s[r]).getAttribute(\"data-secret\"))||(t=Math.random().toString(36).substring(2,12),e.src+=\"#?secret=\"+t,e.setAttribute(\"data-secret\",t)),e.contentWindow.postMessage({message:\"ready\",secret:t},\"*\")},!1)))}(window,document);\n\/\/# sourceURL=https:\/\/baumev.de\/wp-includes\/js\/wp-embed.min.js\n\/* ]]> *\/\n<\/script>\n","description":"BAUM e.V. wurde 1984 mit Unterst\u00fctzung der Firma Winter & Sohn in Hamburg gegr\u00fcndet und ist mit seinen \u00fcber 800 Mitgliedern ein pr\u00e4senter Akteur f\u00fcr nachhaltiges Wirtschaften. Das 40. Jubil\u00e4um ist Anlass, zur\u00fcck auf die Jahre des Aufbaus, aber auch voraus zu blicken.","thumbnail_url":"https:\/\/baumev.de\/wp-content\/uploads\/2024\/11\/BAUM-Logo-mit-Claim_16zu9.png","thumbnail_width":2000,"thumbnail_height":1125}