{"id":20491,"date":"2025-03-04T15:49:20","date_gmt":"2025-03-04T14:49:20","guid":{"rendered":"https:\/\/baumev.de\/baum-ev\/committees\/"},"modified":"2026-04-29T16:37:17","modified_gmt":"2026-04-29T14:37:17","slug":"committees","status":"publish","type":"page","link":"https:\/\/baumev.de\/en\/baum-ev\/committees\/","title":{"rendered":"Committees"},"content":{"rendered":"<p>[et_pb_section fb_built=&#8221;1&#8243; admin_label=&#8221;Farbellipse&#8221; _builder_version=&#8221;4.27.4&#8243; _module_preset=&#8221;92a682f5-3dcd-4377-982c-8327669990df&#8221; locked=&#8221;off&#8221; global_colors_info=&#8221;{}&#8221;][et_pb_row _builder_version=&#8221;4.27.4&#8243; _module_preset=&#8221;default&#8221; global_colors_info=&#8221;{}&#8221;][et_pb_column type=&#8221;4_4&#8243; _builder_version=&#8221;4.27.4&#8243; _module_preset=&#8221;default&#8221; global_colors_info=&#8221;{}&#8221;][et_pb_text admin_label=&#8221;Text Die Gremien von BAUM&#8221; _builder_version=&#8221;4.27.4&#8243; _module_preset=&#8221;default&#8221; global_colors_info=&#8221;{}&#8221;]<\/p>\n<h1>BAUM\u2019s governing bodies<\/h1>\n<h2>Executive Board, Business Advisory Board, Academic Advisory Board<\/h2>\n<p>[\/et_pb_text][\/et_pb_column][\/et_pb_row][\/et_pb_section][et_pb_section fb_built=&#8221;1&#8243; _builder_version=&#8221;4.27.4&#8243; _module_preset=&#8221;default&#8221; locked=&#8221;off&#8221; global_colors_info=&#8221;{}&#8221;][et_pb_row _builder_version=&#8221;4.27.4&#8243; _module_preset=&#8221;default&#8221; global_colors_info=&#8221;{}&#8221;][et_pb_column type=&#8221;4_4&#8243; _builder_version=&#8221;4.27.4&#8243; _module_preset=&#8221;default&#8221; global_colors_info=&#8221;{}&#8221;][et_pb_text admin_label=&#8221;Gesamtvorstand&#8221; _builder_version=&#8221;4.27.4&#8243; _module_preset=&#8221;79c7b2af-852f-4e41-b02d-4e5454c7f36e&#8221; global_colors_info=&#8221;{}&#8221;]<\/p>\n<h2>Executive Board<\/h2>\n<p>[\/et_pb_text][et_pb_text admin_label=&#8221;Teaser&#8221; _builder_version=&#8221;4.27.4&#8243; _module_preset=&#8221;7344113a-bbfa-4999-86ab-4b2ad1d989bf&#8221; global_colors_info=&#8221;{}&#8221;]<\/p>\n<p>BAUM\u2019s Executive Board currently consists of 12 voluntary members and four full-time members, who form the Executive Commitee.<\/p>\n<p>[\/et_pb_text][\/et_pb_column][\/et_pb_row][et_pb_row column_structure=&#8221;1_2,1_2&#8243; module_class=&#8221;reverse&#8221; _builder_version=&#8221;4.27.4&#8243; _module_preset=&#8221;default&#8221; custom_margin=&#8221;0px||||false|false&#8221; custom_padding=&#8221;0px||||false|false&#8221; global_colors_info=&#8221;{}&#8221;][et_pb_column type=&#8221;1_2&#8243; _builder_version=&#8221;4.27.4&#8243; _module_preset=&#8221;default&#8221; global_colors_info=&#8221;{}&#8221;][et_pb_text _builder_version=&#8221;4.27.4&#8243; _module_preset=&#8221;default&#8221; global_colors_info=&#8221;{}&#8221;]<\/p>\n<p>The Executive Committee, comprising Yvonne Zwick as Chair and Martin Oldeland, Marion Sollbach and Ellen Weiland as Deputy Chairs, manages the work of BAUM.<\/p>\n<p>[\/et_pb_text][\/et_pb_column][et_pb_column type=&#8221;1_2&#8243; _builder_version=&#8221;4.27.4&#8243; _module_preset=&#8221;default&#8221; global_colors_info=&#8221;{}&#8221;][et_pb_toggle title=&#8221;Volunteer members of the Executive Board&#8221; _builder_version=&#8221;4.27.4&#8243; _module_preset=&#8221;default&#8221; custom_padding=&#8221;0px|0px|0px|0px|false|false&#8221; custom_css_toggle_content=&#8221;\tcolumn-count: 2;||\tcolumn-gap: 40px;&#8221; global_colors_info=&#8221;{}&#8221;]<\/p>\n<ul>\n<li>Matthias Brucke<\/li>\n<li>Stefan Dierks<\/li>\n<li>Prof. Dr. Ralf Frank<\/li>\n<li>Aida Jukas<\/li>\n<li>Hilke Patzwall<\/li>\n<li>Heiko Rittweger<\/li>\n<li>Kevin Rodler<\/li>\n<li>Christiane Roth<\/li>\n<li>Heike Sch\u00f6nberg<\/li>\n<li>Daniel Silberhorn<\/li>\n<li>Tanja Sommer<\/li>\n<li>Hannah Witting<\/li>\n<\/ul>\n<p>[\/et_pb_toggle][\/et_pb_column][\/et_pb_row][et_pb_row _builder_version=&#8221;4.27.4&#8243; _module_preset=&#8221;default&#8221; max_width=&#8221;900px&#8221; module_alignment=&#8221;center&#8221; global_colors_info=&#8221;{}&#8221;][et_pb_column type=&#8221;4_4&#8243; _builder_version=&#8221;4.27.4&#8243; _module_preset=&#8221;default&#8221; global_colors_info=&#8221;{}&#8221;][et_pb_image src=&#8221;https:\/\/baumev.de\/wp-content\/uploads\/2025\/06\/BAUM-Verbandsstruktur-241205_web.jpg&#8221; alt=&#8221;Grafik zur Struktur von BAUM e.V.: Darstellung der Gremien und Mitgliedergruppen wie Gesamtvorstand, Gesch\u00e4ftsf\u00fchrung, Beirat, Kuratorium, Gesch\u00e4ftsstelle sowie stimmberechtigte Mitglieder und Mitglieder des F\u00f6rderkreises (Organisationen und Personen).&#8221; title_text=&#8221;BAUM Verbandsstruktur 2025&#8243; show_in_lightbox=&#8221;on&#8221; admin_label=&#8221;Bild&#8221; _builder_version=&#8221;4.27.4&#8243; _module_preset=&#8221;default&#8221; global_colors_info=&#8221;{}&#8221;][\/et_pb_image][et_pb_text _builder_version=&#8221;4.27.4&#8243; _module_preset=&#8221;cd957de0-4003-4ba9-bcd0-89e397897606&#8243; global_colors_info=&#8221;{}&#8221;]<\/p>\n<p>The structure of BAUM e.V. at a glance: Voting members, supporting members and governing bodies such as the Executive Board, Business Advisory Board and Academic Advisory Board jointly shape the network\u2019s sustainable direction.<\/p>\n<p>[\/et_pb_text][\/et_pb_column][\/et_pb_row][et_pb_row _builder_version=&#8221;4.27.4&#8243; _module_preset=&#8221;default&#8221; global_colors_info=&#8221;{}&#8221;][et_pb_column type=&#8221;4_4&#8243; _builder_version=&#8221;4.27.4&#8243; _module_preset=&#8221;default&#8221; global_colors_info=&#8221;{}&#8221;][et_pb_text admin_label=&#8221;Beirat und Kuratorium&#8221; _builder_version=&#8221;4.27.4&#8243; _module_preset=&#8221;79c7b2af-852f-4e41-b02d-4e5454c7f36e&#8221; global_colors_info=&#8221;{}&#8221;]<\/p>\n<h2>Business and Academic Advisory Boards<\/h2>\n<p>The members of the Business and the Academic Advisory Boards play a direct role in shaping BAUM\u2019s strategic direction and practical work, and serve as key points of contact for the Executive Board.<\/p>\n<p>&#8220;It is important to build BAUM\u2019s work in a way that is relevant to business practice and in line with the current state of scientific knowledge \u2013 which is why the Business Advisory Board and the Academic Advisory Board are of enormous importance,\u201d explains BAUM Chair Yvonne Zwick, outlining the role of the two bodies in the network\u2019s work.<\/p>\n<p>The Business Advisory Board comprises executives from BAUM member companies; the Academic Advisory Board comprises scientists from disciplines related to sustainable business. They are appointed for a term of two years. <\/p>\n<p>[\/et_pb_text][\/et_pb_column][\/et_pb_row][et_pb_row column_structure=&#8221;1_2,1_2&#8243; _builder_version=&#8221;4.27.4&#8243; _module_preset=&#8221;default&#8221; global_colors_info=&#8221;{}&#8221;][et_pb_column type=&#8221;1_2&#8243; _builder_version=&#8221;4.27.4&#8243; _module_preset=&#8221;default&#8221; global_colors_info=&#8221;{}&#8221;][et_pb_toggle title=&#8221;Business Advisory Board&#8221; _builder_version=&#8221;4.27.6&#8243; _module_preset=&#8221;default&#8221; custom_padding=&#8221;0px|0px|0px|0px|true|true&#8221; hover_enabled=&#8221;0&#8243; global_colors_info=&#8221;{}&#8221; sticky_enabled=&#8221;0&#8243;]<\/p>\n<ul>\n<li>Prof. Dr. Klaus-Michael Ahrend, HEAG Holding AG<\/li>\n<li>Charlotte Beck, ECOSPEED Deutschland GmbH (Speaker of the Business Advisory Board )<\/li>\n<li>Peter Blenke, Wackler Holding SE<\/li>\n<li>Jan-Eike Blohme-Hardegen, Flughafen Hamburg GmbH<\/li>\n<li>Stephan Bongwald, Barmenia.Gothaer Finanzholding AG<\/li>\n<li>Nico Briskorn, VfL Wolfsburg-Fu\u00dfball GmbH<\/li>\n<li>Dr. Daniela B\u00fcchel, REWE-ZENTRALFINANZ eG<\/li>\n<li>Daniel B\u00fcchle, AfB gemeinn\u00fctzige GmbH<\/li>\n<li>Frank Dzukowski, Universit\u00e4tsklinikum Hamburg-Eppendorf<\/li>\n<li>Johannes Ehrnsperger, Neumarkter Lammsbr\u00e4u Gebr. Ehrnsperger KG <\/li>\n<li>Stella Eichhorst, Alnatura Produktions- und Handels GmbH<\/li>\n<li>Dagmar Fritz-Kramer, Baufritz<\/li>\n<li>Dayane Kemmer-Marquart, SIGNAL IDUNA Gruppe<\/li>\n<li>Christina Kiehl, JobRad GmbH<\/li>\n<li>Kristina Klare, Viebrockhaus AG<\/li>\n<li>Dr. Julia Koch, ASSMANN B\u00dcROM\u00d6BEL GMBH &amp; CO. KG<\/li>\n<li>Konrad Lehmann, WERTGARANTIE SE<\/li>\n<li>Imke Mentzendorff, oeding print GmbH<\/li>\n<li>Jens M\u00fchlner, Deutsche Telekom<\/li>\n<li>Dr. David Nguyen-Thanh, Deutsche Gesellschaft f\u00fcr Internationale Zusammenarbeit (GIZ)<\/li>\n<li>Roland R\u00e4cker, Concordia oeco Lebensversicherungs-AG<\/li>\n<li>Alissa Ritter, Rosenthal GmbH<\/li>\n<li>Annette Schimmel, BIS Bremerhavener Gesellschaft f\u00fcr Investitionsf\u00f6rderung und Stadtentwicklung mbH<\/li>\n<li>Birgit Schulte, Commerzbank AG<\/li>\n<li>Patricia Siebel, edding AG<\/li>\n<li>Christoph Wendker, Miele &amp; Cie. KG <\/li>\n<li>Dr. Jens Wichtermann, Vaillant GmbH<\/li>\n<li>Prof. Dr. Tobias Wollermann, Otto GmbH &amp; Co. KG<\/li>\n<\/ul>\n<p>[\/et_pb_toggle][\/et_pb_column][et_pb_column type=&#8221;1_2&#8243; _builder_version=&#8221;4.27.4&#8243; _module_preset=&#8221;default&#8221; global_colors_info=&#8221;{}&#8221;][et_pb_toggle title=&#8221;Academic Advisory Board&#8221; _builder_version=&#8221;4.27.6&#8243; _module_preset=&#8221;default&#8221; custom_padding=&#8221;0px|0px|0px|0px|true|true&#8221; global_colors_info=&#8221;{}&#8221;]<\/p>\n<ul>\n<li>Prof. Dr. Dr. Christian Berg, TU Clausthal<\/li>\n<li>Prof. Dr. Brigitte Biermann, triple innova GmbH<\/li>\n<li>Prof. Dr. Susanne Blazejewski, Alanus Hochschule f\u00fcr Kunst und Gesellschaft<\/li>\n<li>Prof. Dr. Sabine Bohnet-Joschko, Universit\u00e4t Witten\/Herdecke<\/li>\n<li>Prof. Dr. Hans-Josef Endres, Institut f\u00fcr Kunststoff- und Kreislauftechnik IKK<\/li>\n<li>Prof. Dr. Natalie E\u00dfig, Hochschule M\u00fcnchen<\/li>\n<li>Prof. Dr. Maja G\u00f6pel, Leuphana Universit\u00e4t L\u00fcneburg<\/li>\n<li>Prof. Dr. Klaus Helling, Hochschule Trier<\/li>\n<li>Prof. Dr. Susanne Hensel-B\u00f6rner, HSBA Hamburg School of Business Administration gGmbH<\/li>\n<li>Prof. Dr. Carsten Herbes, Hochschule f\u00fcr Wirtschaft und Umwelt N\u00fcrtingen-Geislingen<\/li>\n<li>Prof. Dr. Stephan A. Jansen, Karlshochschule Karlsruhe<\/li>\n<li>Prof. Dr. Claudia Kemfert, Deutsches Institut f\u00fcr Wirtschaftsforschung (DIW)<\/li>\n<li>Prof. Dr. Kerstin Kuchta, Technische Universit\u00e4t Hamburg<\/li>\n<li>Prof. Dr. Mojib Latif, GEOMAR Helmholtz-Zentrum f\u00fcr Ozeanforschung Kiel<\/li>\n<li>Prof. Dr. Christa Liedtke, Wuppertal Institut f\u00fcr Klima, Umwelt Energie gGmbH<\/li>\n<li>Prof. Dr. habil. Michael Opielka, IS\u00d6 \u2013 Institut f\u00fcr Sozial\u00f6kologie gGmbH <\/li>\n<li><strong>Prof. Dr. Jochen R. Pampel<\/strong>, Universit\u00e4t Potsdam (Speaker of the Academic Advisory Board)<\/li>\n<li>Prof. Dr. Dr. h.c. Stefan Schaltegger, Centre for Sustainability Management (CSM)<\/li>\n<li>Prof. Dr. Maren Urner, Fachhochschule M\u00fcnster<\/li>\n<li>Prof. Dr. Ing. Hannes Utikal, Provadis School of International Management and Technology AG <\/li>\n<li>Prof. Dr. Riccardo Wagner, Hochschule Fresenius f\u00fcr Wirtschaft &amp; Medien GmbH<\/li>\n<\/ul>\n<p>[\/et_pb_toggle][\/et_pb_column][\/et_pb_row][\/et_pb_section][et_pb_section fb_built=&#8221;1&#8243; admin_label=&#8221;Sektion \u00dcbersichtslink&#8221; _builder_version=&#8221;4.27.4&#8243; _module_preset=&#8221;default&#8221; custom_padding=&#8221;0px||||false|false&#8221; saved_tabs=&#8221;all&#8221; locked=&#8221;off&#8221; global_colors_info=&#8221;{}&#8221;][et_pb_row _builder_version=&#8221;4.27.4&#8243; _module_preset=&#8221;default&#8221; global_colors_info=&#8221;{}&#8221;][et_pb_column type=&#8221;4_4&#8243; _builder_version=&#8221;4.27.4&#8243; _module_preset=&#8221;default&#8221; global_colors_info=&#8221;{}&#8221;][et_pb_text admin_label=&#8221;\u00dcbersicht \u00dcber BAUM&#8221; _builder_version=&#8221;4.27.4&#8243; _module_preset=&#8221;27c67531-07ef-4567-972c-24395d09860e&#8221; link_font=&#8221;|600|||||||&#8221; global_colors_info=&#8221;{}&#8221;]<\/p>\n<p><a href=\"https:\/\/baumev.de\/en\/baum-ev\/\">\u2190 <u>About BAUM e.V.<\/u><\/a><br \/><a href=\"https:\/\/baumev.de\/baum-ev\/geschichte\/\">\u2190<u>History<\/u><\/a><\/p>\n<p>[\/et_pb_text][\/et_pb_column][\/et_pb_row][\/et_pb_section]<\/p>\n","protected":false},"excerpt":{"rendered":"<p>BAUM\u2019s governing bodies Executive Board, Business Advisory Board, Academic Advisory BoardExecutive BoardBAUM\u2019s Executive Board currently consists of 12 voluntary members and four full-time members, who form the Executive Commitee.The Executive Committee, comprising Yvonne Zwick as Chair and Martin Oldeland, Marion Sollbach and Ellen Weiland as Deputy Chairs, manages the work of BAUM. Matthias Brucke Stefan [&hellip;]<\/p>\n","protected":false},"author":1,"featured_media":0,"parent":18635,"menu_order":7,"comment_status":"closed","ping_status":"closed","template":"","meta":{"_acf_changed":false,"_et_pb_use_builder":"on","_et_pb_old_content":"","_et_gb_content_width":"","inline_featured_image":false,"footnotes":""},"class_list":["post-20491","page","type-page","status-publish","hentry"],"acf":[],"yoast_head":"<!-- This site is optimized with the Yoast SEO plugin v27.2 - https:\/\/yoast.com\/product\/yoast-seo-wordpress\/ -->\n<title>Committees - BAUM e.V.<\/title>\n<meta name=\"robots\" content=\"index, follow, max-snippet:-1, max-image-preview:large, max-video-preview:-1\" \/>\n<link rel=\"canonical\" href=\"https:\/\/baumev.de\/en\/baum-ev\/committees\/\" \/>\n<meta property=\"og:locale\" content=\"en_GB\" \/>\n<meta property=\"og:type\" content=\"article\" \/>\n<meta property=\"og:title\" content=\"Committees - BAUM e.V.\" \/>\n<meta property=\"og:description\" content=\"BAUM\u2019s governing bodies Executive Board, Business Advisory Board, Academic Advisory BoardExecutive BoardBAUM\u2019s Executive Board currently consists of 12 voluntary members and four full-time members, who form the Executive Commitee.The Executive Committee, comprising Yvonne Zwick as Chair and Martin Oldeland, Marion Sollbach and Ellen Weiland as Deputy Chairs, manages the work of BAUM. Matthias Brucke Stefan [&hellip;]\" \/>\n<meta property=\"og:url\" content=\"https:\/\/baumev.de\/en\/baum-ev\/committees\/\" \/>\n<meta property=\"og:site_name\" content=\"BAUM e.V.\" \/>\n<meta property=\"article:modified_time\" content=\"2026-04-29T14:37:17+00:00\" \/>\n<meta property=\"og:image\" content=\"https:\/\/baumev.de\/wp-content\/uploads\/2024\/11\/BAUM-Logo-mit-Claim_16zu9.png\" \/>\n\t<meta property=\"og:image:width\" content=\"2000\" \/>\n\t<meta property=\"og:image:height\" content=\"1125\" \/>\n\t<meta property=\"og:image:type\" content=\"image\/png\" \/>\n<meta name=\"twitter:card\" content=\"summary_large_image\" \/>\n<meta name=\"twitter:label1\" content=\"Estimated reading time\" \/>\n\t<meta name=\"twitter:data1\" content=\"6 minutes\" \/>\n<script type=\"application\/ld+json\" class=\"yoast-schema-graph\">{\"@context\":\"https:\/\/schema.org\",\"@graph\":[{\"@type\":\"WebPage\",\"@id\":\"https:\/\/baumev.de\/en\/baum-ev\/committees\/\",\"url\":\"https:\/\/baumev.de\/en\/baum-ev\/committees\/\",\"name\":\"Committees - BAUM e.V.\",\"isPartOf\":{\"@id\":\"\/#website\"},\"datePublished\":\"2025-03-04T14:49:20+00:00\",\"dateModified\":\"2026-04-29T14:37:17+00:00\",\"breadcrumb\":{\"@id\":\"https:\/\/baumev.de\/en\/baum-ev\/committees\/#breadcrumb\"},\"inLanguage\":\"en-GB\",\"potentialAction\":[{\"@type\":\"ReadAction\",\"target\":[\"https:\/\/baumev.de\/en\/baum-ev\/committees\/\"]}]},{\"@type\":\"BreadcrumbList\",\"@id\":\"https:\/\/baumev.de\/en\/baum-ev\/committees\/#breadcrumb\",\"itemListElement\":[{\"@type\":\"ListItem\",\"position\":1,\"name\":\"Startseite\",\"item\":\"https:\/\/baumev.de\/en\/\"},{\"@type\":\"ListItem\",\"position\":2,\"name\":\"About BAUM e.V.\",\"item\":\"https:\/\/baumev.de\/en\/baum-ev\/\"},{\"@type\":\"ListItem\",\"position\":3,\"name\":\"Committees\"}]},{\"@type\":\"WebSite\",\"@id\":\"\/#website\",\"url\":\"\/\",\"name\":\"BAUM e.V.\",\"description\":\"BAUM e.V. \u2013 Netzwerk f\u00fcr nachhaltiges Wirtschaften\",\"publisher\":{\"@id\":\"\/#organization\"},\"potentialAction\":[{\"@type\":\"SearchAction\",\"target\":{\"@type\":\"EntryPoint\",\"urlTemplate\":\"\/?s={search_term_string}\"},\"query-input\":{\"@type\":\"PropertyValueSpecification\",\"valueRequired\":true,\"valueName\":\"search_term_string\"}}],\"inLanguage\":\"en-GB\"},{\"@type\":\"Organization\",\"@id\":\"\/#organization\",\"name\":\"BAUM e.V.\",\"alternateName\":\"Bundesdeutscher Arbeitskreis f\u00fcr Umweltbewusstes Management\",\"url\":\"\/\",\"logo\":{\"@type\":\"ImageObject\",\"inLanguage\":\"en-GB\",\"@id\":\"\/#\/schema\/logo\/image\/\",\"url\":\"https:\/\/baumev.de\/wp-content\/uploads\/2025\/04\/Element-1.svg\",\"contentUrl\":\"https:\/\/baumev.de\/wp-content\/uploads\/2025\/04\/Element-1.svg\",\"width\":\"1024\",\"height\":\"1024\",\"caption\":\"BAUM e.V.\"},\"image\":{\"@id\":\"\/#\/schema\/logo\/image\/\"},\"sameAs\":[\"https:\/\/www.linkedin.com\/company\/baum-ev\"]}]}<\/script>\n<!-- \/ Yoast SEO plugin. -->","yoast_head_json":{"title":"Committees - BAUM e.V.","robots":{"index":"index","follow":"follow","max-snippet":"max-snippet:-1","max-image-preview":"max-image-preview:large","max-video-preview":"max-video-preview:-1"},"canonical":"https:\/\/baumev.de\/en\/baum-ev\/committees\/","og_locale":"en_GB","og_type":"article","og_title":"Committees - BAUM e.V.","og_description":"BAUM\u2019s governing bodies Executive Board, Business Advisory Board, Academic Advisory BoardExecutive BoardBAUM\u2019s Executive Board currently consists of 12 voluntary members and four full-time members, who form the Executive Commitee.The Executive Committee, comprising Yvonne Zwick as Chair and Martin Oldeland, Marion Sollbach and Ellen Weiland as Deputy Chairs, manages the work of BAUM. Matthias Brucke Stefan [&hellip;]","og_url":"https:\/\/baumev.de\/en\/baum-ev\/committees\/","og_site_name":"BAUM e.V.","article_modified_time":"2026-04-29T14:37:17+00:00","og_image":[{"width":2000,"height":1125,"url":"https:\/\/baumev.de\/wp-content\/uploads\/2024\/11\/BAUM-Logo-mit-Claim_16zu9.png","type":"image\/png"}],"twitter_card":"summary_large_image","twitter_misc":{"Estimated reading time":"6 minutes"},"schema":{"@context":"https:\/\/schema.org","@graph":[{"@type":"WebPage","@id":"https:\/\/baumev.de\/en\/baum-ev\/committees\/","url":"https:\/\/baumev.de\/en\/baum-ev\/committees\/","name":"Committees - BAUM e.V.","isPartOf":{"@id":"\/#website"},"datePublished":"2025-03-04T14:49:20+00:00","dateModified":"2026-04-29T14:37:17+00:00","breadcrumb":{"@id":"https:\/\/baumev.de\/en\/baum-ev\/committees\/#breadcrumb"},"inLanguage":"en-GB","potentialAction":[{"@type":"ReadAction","target":["https:\/\/baumev.de\/en\/baum-ev\/committees\/"]}]},{"@type":"BreadcrumbList","@id":"https:\/\/baumev.de\/en\/baum-ev\/committees\/#breadcrumb","itemListElement":[{"@type":"ListItem","position":1,"name":"Startseite","item":"https:\/\/baumev.de\/en\/"},{"@type":"ListItem","position":2,"name":"About BAUM e.V.","item":"https:\/\/baumev.de\/en\/baum-ev\/"},{"@type":"ListItem","position":3,"name":"Committees"}]},{"@type":"WebSite","@id":"\/#website","url":"\/","name":"BAUM e.V.","description":"BAUM e.V. \u2013 Netzwerk f\u00fcr nachhaltiges Wirtschaften","publisher":{"@id":"\/#organization"},"potentialAction":[{"@type":"SearchAction","target":{"@type":"EntryPoint","urlTemplate":"\/?s={search_term_string}"},"query-input":{"@type":"PropertyValueSpecification","valueRequired":true,"valueName":"search_term_string"}}],"inLanguage":"en-GB"},{"@type":"Organization","@id":"\/#organization","name":"BAUM e.V.","alternateName":"Bundesdeutscher Arbeitskreis f\u00fcr Umweltbewusstes Management","url":"\/","logo":{"@type":"ImageObject","inLanguage":"en-GB","@id":"\/#\/schema\/logo\/image\/","url":"https:\/\/baumev.de\/wp-content\/uploads\/2025\/04\/Element-1.svg","contentUrl":"https:\/\/baumev.de\/wp-content\/uploads\/2025\/04\/Element-1.svg","width":"1024","height":"1024","caption":"BAUM e.V."},"image":{"@id":"\/#\/schema\/logo\/image\/"},"sameAs":["https:\/\/www.linkedin.com\/company\/baum-ev"]}]}},"_links":{"self":[{"href":"https:\/\/baumev.de\/en\/wp-json\/wp\/v2\/pages\/20491","targetHints":{"allow":["GET"]}}],"collection":[{"href":"https:\/\/baumev.de\/en\/wp-json\/wp\/v2\/pages"}],"about":[{"href":"https:\/\/baumev.de\/en\/wp-json\/wp\/v2\/types\/page"}],"author":[{"embeddable":true,"href":"https:\/\/baumev.de\/en\/wp-json\/wp\/v2\/users\/1"}],"replies":[{"embeddable":true,"href":"https:\/\/baumev.de\/en\/wp-json\/wp\/v2\/comments?post=20491"}],"version-history":[{"count":8,"href":"https:\/\/baumev.de\/en\/wp-json\/wp\/v2\/pages\/20491\/revisions"}],"predecessor-version":[{"id":20516,"href":"https:\/\/baumev.de\/en\/wp-json\/wp\/v2\/pages\/20491\/revisions\/20516"}],"up":[{"embeddable":true,"href":"https:\/\/baumev.de\/en\/wp-json\/wp\/v2\/pages\/18635"}],"wp:attachment":[{"href":"https:\/\/baumev.de\/en\/wp-json\/wp\/v2\/media?parent=20491"}],"curies":[{"name":"wp","href":"https:\/\/api.w.org\/{rel}","templated":true}]}}