{"id":20517,"date":"2025-03-07T11:56:46","date_gmt":"2025-03-07T10:56:46","guid":{"rendered":"https:\/\/baumev.de\/presse\/"},"modified":"2026-04-29T17:02:48","modified_gmt":"2026-04-29T15:02:48","slug":"presse","status":"publish","type":"page","link":"https:\/\/baumev.de\/en\/presse\/","title":{"rendered":"Press"},"content":{"rendered":"<p>[et_pb_section fb_built=&#8221;1&#8243; module_class=&#8221;verlauf opener ellipse&#8221; _builder_version=&#8221;4.27.4&#8243; _module_preset=&#8221;default&#8221; locked=&#8221;off&#8221; global_colors_info=&#8221;{}&#8221;][et_pb_row _builder_version=&#8221;4.27.4&#8243; _module_preset=&#8221;default&#8221; global_colors_info=&#8221;{}&#8221;][et_pb_column type=&#8221;4_4&#8243; _builder_version=&#8221;4.27.4&#8243; _module_preset=&#8221;default&#8221; global_colors_info=&#8221;{}&#8221;][et_pb_text admin_label=&#8221;\u00dcberschrift&#8221; _builder_version=&#8221;4.27.4&#8243; _module_preset=&#8221;default&#8221; global_colors_info=&#8221;{}&#8221;]<\/p>\n<h1>Press<\/h1>\n<h2>Information for the media<\/h2>\n<p>[\/et_pb_text][\/et_pb_column][\/et_pb_row][\/et_pb_section][et_pb_section fb_built=&#8221;1&#8243; admin_label=&#8221;Presse&#8221; _builder_version=&#8221;4.27.4&#8243; _module_preset=&#8221;_initial&#8221; locked=&#8221;off&#8221; global_colors_info=&#8221;{}&#8221;][et_pb_row column_structure=&#8221;3_5,2_5&#8243; admin_label=&#8221;Press&#8221; _builder_version=&#8221;4.27.4&#8243; _module_preset=&#8221;default&#8221; module_alignment=&#8221;center&#8221; global_colors_info=&#8221;{}&#8221;][et_pb_column type=&#8221;3_5&#8243; _builder_version=&#8221;4.27.4&#8243; _module_preset=&#8221;default&#8221; global_colors_info=&#8221;{}&#8221;][et_pb_text _builder_version=&#8221;4.27.4&#8243; _module_preset=&#8221;7344113a-bbfa-4999-86ab-4b2ad1d989bf&#8221; global_colors_info=&#8221;{}&#8221;]<\/p>\n<p>Here you will find all BAUM press releases at a glance.<\/p>\n<p>[\/et_pb_text][et_pb_text admin_label=&#8221;Kontakt&#8221; _builder_version=&#8221;4.27.4&#8243; _module_preset=&#8221;default&#8221; global_colors_info=&#8221;{}&#8221;]<\/p>\n<p>Would you like to be regularly informed about our activities? We will be happy to add you to our press mailing list.<\/p>\n<h4 class=\"p1\">Contact for media representatives<\/h4>\n<p class=\"p1\"><strong>Dr. Katrin Wippich<\/strong><br \/>Phone +49 (0)40 \/ 49 08 11 08<br \/>katrin.wippich@baumev.de<\/p>\n<p>[\/et_pb_text][\/et_pb_column][et_pb_column type=&#8221;2_5&#8243; _builder_version=&#8221;4.27.4&#8243; _module_preset=&#8221;default&#8221; global_colors_info=&#8221;{}&#8221;][et_pb_image src=&#8221;https:\/\/baumev.de\/wp-content\/uploads\/2025\/08\/LinkedIn_Yvonne_Zwick-1.png&#8221; alt=&#8221;Book Cover %22Making Sustainability%22&#8243; title_text=&#8221;LinkedIn_Yvonne_Zwick (1)&#8221; url=&#8221;https:\/\/baumev.de\/wp-content\/uploads\/2025\/07\/Pressemappe_Zwick_Nachhaltigkeit-machen.pdf&#8221; url_new_window=&#8221;on&#8221; _builder_version=&#8221;4.27.4&#8243; _module_preset=&#8221;default&#8221; width=&#8221;60%&#8221; global_colors_info=&#8221;{}&#8221;][\/et_pb_image][et_pb_text _builder_version=&#8221;4.27.4&#8243; _module_preset=&#8221;default&#8221; global_colors_info=&#8221;{}&#8221;]<\/p>\n<p><a href=\"https:\/\/baumev.de\/wp-content\/uploads\/2025\/07\/Pressemappe_Zwick_Nachhaltigkeit-machen.pdf\" target=\"_blank\" rel=\"noopener\">Press kit for the new book by Yvonne Zwick<\/a><\/p>\n<p>[\/et_pb_text][\/et_pb_column][\/et_pb_row][\/et_pb_section][et_pb_section fb_built=&#8221;1&#8243; _builder_version=&#8221;4.27.4&#8243; _module_preset=&#8221;72994bdf-e216-4812-8aa3-ab4f55e8bc11&#8243; global_colors_info=&#8221;{}&#8221;][et_pb_row _builder_version=&#8221;4.27.4&#8243; _module_preset=&#8221;default&#8221; global_colors_info=&#8221;{}&#8221;][et_pb_column type=&#8221;4_4&#8243; _builder_version=&#8221;4.27.4&#8243; _module_preset=&#8221;default&#8221; global_colors_info=&#8221;{}&#8221;][et_pb_text admin_label=&#8221;\u00dcberschrift&#8221; _builder_version=&#8221;4.27.4&#8243; _module_preset=&#8221;79c7b2af-852f-4e41-b02d-4e5454c7f36e&#8221; global_colors_info=&#8221;{}&#8221;]<\/p>\n<h2>Press releases from BAUM (usually in German)<\/h2>\n<p>[\/et_pb_text][et_pb_blog posts_number=&#8221;100&#8243; include_categories=&#8221;10&#8243; meta_date=&#8221;j. M Y&#8221; show_thumbnail=&#8221;off&#8221; excerpt_length=&#8221;1000&#8243; disabled_on=&#8221;on|on|on&#8221; _builder_version=&#8221;4.27.4&#8243; _module_preset=&#8221;default&#8221; disabled=&#8221;on&#8221; global_colors_info=&#8221;{}&#8221;][\/et_pb_blog][et_pb_text _builder_version=&#8221;4.27.4&#8243; _module_preset=&#8221;default&#8221; custom_css_free_form=&#8221;selector .beitrag-jahr-block  {||  margin: 50px 0;||  max-width:1000px;||}||||selector h2 {||  margin-top: 50px;||}||||selector small {||  font-size:0.8em;  ||}||&#8221; global_colors_info=&#8221;{}&#8221;]<\/p>\n<h2>2026<\/h2><div class=\"beitrag-jahr-block\"><h3><a href=\"https:\/\/baumev.de\/en\/wie-unternehmen-und-politik-nachhaltiges-wirtschaften-staerken\/\">Wie Unternehmen und Politik nachhaltiges Wirtschaften st\u00e4rken<\/a><\/h3><small>11. February 2026<\/small><p>Bei einem Gespr\u00e4ch mit Bundesumweltminister Carsten Schneider am 9. Februar in Berlin wurden zentrale Themen des Klimaschutzes, Kreislaufwirtschaft und Biodiversit\u00e4t diskutiert. Preistr\u00e4gerinnen und Preistr\u00e4ger des BAUM | Umwelt \u2013 und Nachhaltigkeitspreises und BAUM-Mitgliedsunternehmen stellten dar, wie sie bereits zu den im Koalitionsvertrag vereinbarten Zielen beitragen, und durch welche Rahmensetzung die Bundesregierung nachhaltiges Wirtschaften st\u00e4rken kann.<\/p><\/div><div class=\"beitrag-jahr-block\"><h3><a href=\"https:\/\/baumev.de\/en\/neues-jahr-neuer-vorstand\/\">Neues Jahr \u2013 neuer Vorstand<\/a><\/h3><small>14. January 2026<\/small><p>Der Neujahrsempfang von BAUM brachte am 9. Januar rund 100 Menschen zusammen, um das Schwerpunktthema des Netzwerks f\u00fcr 2026 in den Blick zu nehmen: \u201eChancen- und Risikomanagement\u201c. Mit dabei zwei neue stellvertretende Vorsitzende: Marion Sollbach und Ellen Weiland.<\/p><\/div><h2>2025<\/h2><div class=\"beitrag-jahr-block\"><h3><a href=\"https:\/\/baumev.de\/en\/botschaft-aus-dortmund-jetzt-erst-recht\/\">Botschaft aus Dortmund: \u201eJetzt erst recht\u201c<\/a><\/h3><small>13. November 2025<\/small><p>Auf der gro\u00dfen BAUM-Tagung in Dortmund diskutierten Nachhaltigkeitsengagierte aus Wirtschaft, Wissenschaft und Verb\u00e4nden, wie die Transformation zu einer sozial-\u00f6kologischen Marktwirtschaft gelingen kann.<\/p><\/div><div class=\"beitrag-jahr-block\"><h3><a href=\"https:\/\/baumev.de\/en\/auszeichnung-fuer-gelebte-nachhaltigkeit-baum-wuerdigt-fuenf-zukunftsgestalterinnen-und-gestalter\/\">Auszeichnung f\u00fcr gelebte Nachhaltigkeit: BAUM w\u00fcrdigt f\u00fcnf Zukunftsgestalterinnen und -gestalter<\/a><\/h3><small>11. November 2025<\/small><p>\"Welche Wirtschaft wollen wir?\u201c, erforscht BAUM auf seiner diesj\u00e4hrigen Tagung am 11.\/12. November in Dortmund. Das in Hamburg ans\u00e4ssige Unternehmensnetzwerk entwirft Zukunftsbilder f\u00fcr eine nachhaltige Wirtschaft und Gesellschaft.<\/p><\/div><div class=\"beitrag-jahr-block\"><h3><a href=\"https:\/\/baumev.de\/en\/zielbild-sozial-oekologische-marktwirtschaft\/\">Zielbild: sozial-\u00f6kologische Marktwirtschaft<\/a><\/h3><small>14. October 2025<\/small><p>Die deutsche Wirtschaft steht vor der Herausforderung, nachhaltiges Wachstum und Wettbewerbsf\u00e4higkeit zu vereinen. In diesem Kontext schl\u00e4gt BAUM konkrete Ma\u00dfnahmen vor, die darauf abzielen, Vertrauen in die Institutionen und die Kraft der Wirtschaft zu st\u00e4rken und den gesellschaftlichen Zusammenhalt zu f\u00f6rdern. Das Unternehmensnetzwerk l\u00e4dt dazu ein, diese Ma\u00dfnahmen bei der BAUM-Tagung zu diskutieren.<\/p><\/div><div class=\"beitrag-jahr-block\"><h3><a href=\"https:\/\/baumev.de\/en\/die-wirtschaft-der-zukunft-beginnt-jetzt\/\">Die Wirtschaft der Zukunft beginnt jetzt<\/a><\/h3><small>15. July 2025<\/small><p>Zwei Frauen und drei M\u00e4nner werden in diesem Jahr mit dem BAUM | Umwelt- und Nachhaltigkeitspreis ausgezeichnet. Sie engagieren sich f\u00fcr eine zukunftsf\u00e4hige Wirtschaft und Gesellschaft. Als Nachhaltigkeitsverantwortliche, Gesch\u00e4ftsf\u00fchrer, Wissenschaftlerin oder Berater in der Entwicklungszusammenarbeit zeigen sie Wege zu mehr Klima-, Ressourcen- und Biodiversit\u00e4tsschutz und gehen voran.<\/p><\/div><div class=\"beitrag-jahr-block\"><h3><a href=\"https:\/\/baumev.de\/en\/co2meet-letzte-kostenfreie-initialberatungen-bis-projektende\/\">CO\u2082meet: Letzte kostenfreie Initialberatungen bis Projektende<\/a><\/h3><small>4. March 2025<\/small><p>Das Projekt CO\u2082meet, initiiert von BAUM e.V., blickt auf drei erfolgreiche Jahre zur\u00fcck, in denen zahlreiche Unternehmen in Deutschland bei der Umgestaltung ihres Gesch\u00e4ftsreisemanagements unterst\u00fctzt wurden.<\/p><\/div><div class=\"beitrag-jahr-block\"><h3><a href=\"https:\/\/baumev.de\/en\/sustainable-office-day-zeigt-wie-kreislaufwirtschaft-im-buero-funktioniert\/\">Sustainable Office Day zeigt, wie Kreislaufwirtschaft im B\u00fcro funktioniert<\/a><\/h3><small>15. January 2025<\/small><p>F\u00fcr alle, die an den neusten Trends und an praxisorientierten L\u00f6sungen f\u00fcr eine nachhaltige B\u00fcrogestaltung und Beschaffung interessiert sind, ist der Sustainable Office Day ein wichtiger Termin. Fachleute aus der Branche geben wertvolle Impulse: von Kreislaufwirtschaft \u00fcber Mietm\u00f6bel bis hin zu innovativen Beschaffungsstrategien.<\/p><\/div><h2>2024<\/h2><div class=\"beitrag-jahr-block\"><h3><a href=\"https:\/\/baumev.de\/en\/auftakt-im-bmuv-fuer-deutsche-tnfd-consultation-group\/\">Auftakt im BMUV f\u00fcr deutsche TNFD Consultation Group<\/a><\/h3><small>5. December 2024<\/small><p>Das Forum Nachhaltige Geldanlagen e.V. (FNG) und BAUM e.V. \u2013 Netzwerk f\u00fcr nachhaltiges Wirtschaften haben im Bundesministerium f\u00fcr Umwelt, Naturschutz, nukleare Sicherheit und Verbraucherschutz die deutsche TNFD Consultation Group er\u00f6ffnet. Rund 120 Interessierte aus Finanz- und Realwirtschaft, Handel, Dienstleistungen und Wissenschaft folgten der Einladung zur Auftaktveranstaltung in Berlin.<\/p><\/div><div class=\"beitrag-jahr-block\"><h3><a href=\"https:\/\/baumev.de\/en\/jubilaeumstagung-von-baum-setzt-ein-deutliches-zeichen-des-aufbruchs\/\">Jubil\u00e4umstagung von BAUM setzt ein deutliches Zeichen des Aufbruchs<\/a><\/h3><small>21. November 2024<\/small><p>Das Unternehmensnetzwerk BAUM wurde vor 40 Jahren in Hamburg gegr\u00fcndet. Zwei Tage haben Mitglieder und weitere Engagierte das Jubil\u00e4um gefeiert und diskutiert, wie die Transformation zu mehr Nachhaltigkeit gelingen kann. <\/p><\/div><div class=\"beitrag-jahr-block\"><h3><a href=\"https:\/\/baumev.de\/en\/unternehmensnetzwerk-feiert-40-jaehriges-bestehen\/\">Unternehmensnetzwerk feiert 40-j\u00e4hriges Bestehen<\/a><\/h3><small>19. November 2024<\/small><p>Rund 300 G\u00e4ste sind im Hamburger Opernloft zusammengekommen, um das 40-j\u00e4hrige Bestehen von BAUM, aber auch die diesj\u00e4hrigen BAUM-Preistr\u00e4gerinnen und -Preistr\u00e4ger zu feiern. Dr. Bettina Hoffmann, Parlamentarische Staatssekret\u00e4rin im Bundesministerium f\u00fcr Umwelt, Naturschutz, nukleare Sicherheit und Verbraucherschutz, h\u00e4lt die Keynote.<\/p><\/div><div class=\"beitrag-jahr-block\"><h3><a href=\"https:\/\/baumev.de\/en\/governance-treiber-fuer-eine-gelingende-transformation\/\">Governance: Treiber f\u00fcr eine gelingende Transformation<\/a><\/h3><small>21. October 2024<\/small><p>Am 19. und 20. November feiert BAUM in Hamburg sein 40-j\u00e4hriges Bestehen. Wie bei den Jahrestagungen \u00fcblich, steht der erste Veranstaltungstag im Zeichen der Verleihung des BAUM | Umwelt- und Nachhaltigkeitspreises; der zweite hat den Charakter eines Fachkongresses f\u00fcr Menschen, die Nachhaltigkeit in die Unternehmenspraxis umsetzen. Motto beider Tage ist \"Go!vernance. Treiber f\u00fcr eine gelingende Transformation\".<\/p><\/div><div class=\"beitrag-jahr-block\"><h3><a href=\"https:\/\/baumev.de\/en\/besonderer-einsatz-fuer-bildung-fuer-nachhaltige-entwicklung-und-umsetzung-der-agenda-2030\/\">Besonderer Einsatz f\u00fcr &#8220;Bildung f\u00fcr nachhaltige Entwicklung&#8221; und Umsetzung der Agenda 2030<\/a><\/h3><small>2. October 2024<\/small><p>Das preisgekr\u00f6nte Projekt SDG-Scouts\u00ae\u00a0von BAUM e.V. erhielt eine weitere Auszeichnung f\u00fcr seinen besonderen Einsatz in der Nachhaltigkeitsbildung von Nachwuchskr\u00e4ften. Durch die Schulungen konnten bereits knapp 200 Nachwuchskr\u00e4fte in ganz Deutschland weitergebildet werden. Sie setzen sich als Multiplikatorinnen und Multiplikatoren f\u00fcr die Nachhaltigkeitsziele der Vereinten Nationen (SDG) sowie f\u00fcr Nachhaltigkeit in ihren Unternehmen ein.<\/p><\/div><div class=\"beitrag-jahr-block\"><h3><a href=\"https:\/\/baumev.de\/en\/aktiv-fuer-nachhaltig-wirtschaftende-unternehmen\/\">Aktiv f\u00fcr nachhaltig wirtschaftende Unternehmen<\/a><\/h3><small>18. September 2024<\/small><p>BAUM e.V. wurde 1984 mit Unterst\u00fctzung der Firma Winter & Sohn in Hamburg gegr\u00fcndet und ist mit seinen \u00fcber 800 Mitgliedern ein pr\u00e4senter Akteur f\u00fcr nachhaltiges Wirtschaften. Das 40. Jubil\u00e4um ist Anlass, zur\u00fcck auf die Jahre des Aufbaus, aber auch voraus zu blicken.<\/p><\/div><div class=\"beitrag-jahr-block\"><h3><a href=\"https:\/\/baumev.de\/en\/menschen-die-veraenderungen-zum-guten-bewirken\/\">Menschen, die Ver\u00e4nderungen zum Guten bewirken<\/a><\/h3><small>6. August 2024<\/small><p>Eine Rechtsanw\u00e4ltin und ein Raumplaner, die sich f\u00fcr mehr Klimaschutz engagieren, Gesch\u00e4ftsf\u00fchrende aus Unternehmen, die klare Zeichen f\u00fcr Ressourcenschutz, Kreislaufwirtschaft und den Schutz der Artenvielfalt setzen: Auch im 40. Jahr seines Bestehens zeichnet das Netzwerk f\u00fcr nachhaltiges Wirtschaften wieder Menschen mit dem BAUM | Umwelt- und Nachhaltigkeitspreis aus, die mit ihrem Engagement motivieren und Hoffnung machen.<\/p><\/div>\n<p>[\/et_pb_text][\/et_pb_column][\/et_pb_row][\/et_pb_section]<\/p>\n","protected":false},"excerpt":{"rendered":"<p>[et_pb_section fb_built=&#8221;1&#8243; module_class=&#8221;verlauf opener ellipse&#8221; _builder_version=&#8221;4.27.4&#8243; _module_preset=&#8221;default&#8221; locked=&#8221;off&#8221; global_colors_info=&#8221;{}&#8221;][et_pb_row _builder_version=&#8221;4.27.4&#8243; _module_preset=&#8221;default&#8221; global_colors_info=&#8221;{}&#8221;][et_pb_column type=&#8221;4_4&#8243; _builder_version=&#8221;4.27.4&#8243; _module_preset=&#8221;default&#8221; global_colors_info=&#8221;{}&#8221;][et_pb_text admin_label=&#8221;\u00dcberschrift&#8221; _builder_version=&#8221;4.27.4&#8243; _module_preset=&#8221;default&#8221; global_colors_info=&#8221;{}&#8221;] Press Information for the media [\/et_pb_text][\/et_pb_column][\/et_pb_row][\/et_pb_section][et_pb_section fb_built=&#8221;1&#8243; admin_label=&#8221;Presse&#8221; _builder_version=&#8221;4.27.4&#8243; _module_preset=&#8221;_initial&#8221; locked=&#8221;off&#8221; global_colors_info=&#8221;{}&#8221;][et_pb_row column_structure=&#8221;3_5,2_5&#8243; admin_label=&#8221;Press&#8221; _builder_version=&#8221;4.27.4&#8243; _module_preset=&#8221;default&#8221; module_alignment=&#8221;center&#8221; global_colors_info=&#8221;{}&#8221;][et_pb_column type=&#8221;3_5&#8243; _builder_version=&#8221;4.27.4&#8243; _module_preset=&#8221;default&#8221; global_colors_info=&#8221;{}&#8221;][et_pb_text _builder_version=&#8221;4.27.4&#8243; _module_preset=&#8221;7344113a-bbfa-4999-86ab-4b2ad1d989bf&#8221; global_colors_info=&#8221;{}&#8221;] Here you will find all BAUM press releases at a [&hellip;]<\/p>\n","protected":false},"author":1,"featured_media":0,"parent":0,"menu_order":86,"comment_status":"closed","ping_status":"closed","template":"","meta":{"_acf_changed":false,"_et_pb_use_builder":"on","_et_pb_old_content":"","_et_gb_content_width":"","inline_featured_image":false,"footnotes":""},"class_list":["post-20517","page","type-page","status-publish","hentry"],"acf":[],"yoast_head":"<!-- This site is optimized with the Yoast SEO plugin v27.2 - https:\/\/yoast.com\/product\/yoast-seo-wordpress\/ -->\n<title>Press - BAUM e.V.<\/title>\n<meta name=\"robots\" content=\"index, follow, max-snippet:-1, max-image-preview:large, max-video-preview:-1\" \/>\n<link rel=\"canonical\" href=\"https:\/\/baumev.de\/en\/presse\/\" \/>\n<meta property=\"og:locale\" content=\"en_GB\" \/>\n<meta property=\"og:type\" content=\"article\" \/>\n<meta property=\"og:title\" content=\"Press - BAUM e.V.\" \/>\n<meta property=\"og:description\" content=\"[et_pb_section fb_built=&#8221;1&#8243; module_class=&#8221;verlauf opener ellipse&#8221; _builder_version=&#8221;4.27.4&#8243; _module_preset=&#8221;default&#8221; locked=&#8221;off&#8221; global_colors_info=&#8221;{}&#8221;][et_pb_row _builder_version=&#8221;4.27.4&#8243; _module_preset=&#8221;default&#8221; global_colors_info=&#8221;{}&#8221;][et_pb_column type=&#8221;4_4&#8243; _builder_version=&#8221;4.27.4&#8243; _module_preset=&#8221;default&#8221; global_colors_info=&#8221;{}&#8221;][et_pb_text admin_label=&#8221;\u00dcberschrift&#8221; _builder_version=&#8221;4.27.4&#8243; _module_preset=&#8221;default&#8221; global_colors_info=&#8221;{}&#8221;] Press Information for the media [\/et_pb_text][\/et_pb_column][\/et_pb_row][\/et_pb_section][et_pb_section fb_built=&#8221;1&#8243; admin_label=&#8221;Presse&#8221; _builder_version=&#8221;4.27.4&#8243; _module_preset=&#8221;_initial&#8221; locked=&#8221;off&#8221; global_colors_info=&#8221;{}&#8221;][et_pb_row column_structure=&#8221;3_5,2_5&#8243; admin_label=&#8221;Press&#8221; _builder_version=&#8221;4.27.4&#8243; _module_preset=&#8221;default&#8221; module_alignment=&#8221;center&#8221; global_colors_info=&#8221;{}&#8221;][et_pb_column type=&#8221;3_5&#8243; _builder_version=&#8221;4.27.4&#8243; _module_preset=&#8221;default&#8221; global_colors_info=&#8221;{}&#8221;][et_pb_text _builder_version=&#8221;4.27.4&#8243; _module_preset=&#8221;7344113a-bbfa-4999-86ab-4b2ad1d989bf&#8221; global_colors_info=&#8221;{}&#8221;] Here you will find all BAUM press releases at a [&hellip;]\" \/>\n<meta property=\"og:url\" content=\"https:\/\/baumev.de\/en\/presse\/\" \/>\n<meta property=\"og:site_name\" content=\"BAUM e.V.\" \/>\n<meta property=\"article:modified_time\" content=\"2026-04-29T15:02:48+00:00\" \/>\n<meta property=\"og:image\" content=\"https:\/\/baumev.de\/wp-content\/uploads\/2024\/11\/BAUM-Logo-mit-Claim_16zu9.png\" \/>\n\t<meta property=\"og:image:width\" content=\"2000\" \/>\n\t<meta property=\"og:image:height\" content=\"1125\" \/>\n\t<meta property=\"og:image:type\" content=\"image\/png\" \/>\n<meta name=\"twitter:card\" content=\"summary_large_image\" \/>\n<meta name=\"twitter:label1\" content=\"Estimated reading time\" \/>\n\t<meta name=\"twitter:data1\" content=\"2 minutes\" \/>\n<script type=\"application\/ld+json\" class=\"yoast-schema-graph\">{\"@context\":\"https:\/\/schema.org\",\"@graph\":[{\"@type\":\"WebPage\",\"@id\":\"https:\/\/baumev.de\/en\/presse\/\",\"url\":\"https:\/\/baumev.de\/en\/presse\/\",\"name\":\"Press - BAUM e.V.\",\"isPartOf\":{\"@id\":\"\/#website\"},\"datePublished\":\"2025-03-07T10:56:46+00:00\",\"dateModified\":\"2026-04-29T15:02:48+00:00\",\"breadcrumb\":{\"@id\":\"https:\/\/baumev.de\/en\/presse\/#breadcrumb\"},\"inLanguage\":\"en-GB\",\"potentialAction\":[{\"@type\":\"ReadAction\",\"target\":[\"https:\/\/baumev.de\/en\/presse\/\"]}]},{\"@type\":\"BreadcrumbList\",\"@id\":\"https:\/\/baumev.de\/en\/presse\/#breadcrumb\",\"itemListElement\":[{\"@type\":\"ListItem\",\"position\":1,\"name\":\"Startseite\",\"item\":\"https:\/\/baumev.de\/en\/\"},{\"@type\":\"ListItem\",\"position\":2,\"name\":\"Press\"}]},{\"@type\":\"WebSite\",\"@id\":\"\/#website\",\"url\":\"\/\",\"name\":\"BAUM e.V.\",\"description\":\"BAUM e.V. \u2013 Netzwerk f\u00fcr nachhaltiges Wirtschaften\",\"publisher\":{\"@id\":\"\/#organization\"},\"potentialAction\":[{\"@type\":\"SearchAction\",\"target\":{\"@type\":\"EntryPoint\",\"urlTemplate\":\"\/?s={search_term_string}\"},\"query-input\":{\"@type\":\"PropertyValueSpecification\",\"valueRequired\":true,\"valueName\":\"search_term_string\"}}],\"inLanguage\":\"en-GB\"},{\"@type\":\"Organization\",\"@id\":\"\/#organization\",\"name\":\"BAUM e.V.\",\"alternateName\":\"Bundesdeutscher Arbeitskreis f\u00fcr Umweltbewusstes Management\",\"url\":\"\/\",\"logo\":{\"@type\":\"ImageObject\",\"inLanguage\":\"en-GB\",\"@id\":\"\/#\/schema\/logo\/image\/\",\"url\":\"https:\/\/baumev.de\/wp-content\/uploads\/2025\/04\/Element-1.svg\",\"contentUrl\":\"https:\/\/baumev.de\/wp-content\/uploads\/2025\/04\/Element-1.svg\",\"width\":\"1024\",\"height\":\"1024\",\"caption\":\"BAUM e.V.\"},\"image\":{\"@id\":\"\/#\/schema\/logo\/image\/\"},\"sameAs\":[\"https:\/\/www.linkedin.com\/company\/baum-ev\"]}]}<\/script>\n<!-- \/ Yoast SEO plugin. -->","yoast_head_json":{"title":"Press - BAUM e.V.","robots":{"index":"index","follow":"follow","max-snippet":"max-snippet:-1","max-image-preview":"max-image-preview:large","max-video-preview":"max-video-preview:-1"},"canonical":"https:\/\/baumev.de\/en\/presse\/","og_locale":"en_GB","og_type":"article","og_title":"Press - BAUM e.V.","og_description":"[et_pb_section fb_built=&#8221;1&#8243; module_class=&#8221;verlauf opener ellipse&#8221; _builder_version=&#8221;4.27.4&#8243; _module_preset=&#8221;default&#8221; locked=&#8221;off&#8221; global_colors_info=&#8221;{}&#8221;][et_pb_row _builder_version=&#8221;4.27.4&#8243; _module_preset=&#8221;default&#8221; global_colors_info=&#8221;{}&#8221;][et_pb_column type=&#8221;4_4&#8243; _builder_version=&#8221;4.27.4&#8243; _module_preset=&#8221;default&#8221; global_colors_info=&#8221;{}&#8221;][et_pb_text admin_label=&#8221;\u00dcberschrift&#8221; _builder_version=&#8221;4.27.4&#8243; _module_preset=&#8221;default&#8221; global_colors_info=&#8221;{}&#8221;] Press Information for the media [\/et_pb_text][\/et_pb_column][\/et_pb_row][\/et_pb_section][et_pb_section fb_built=&#8221;1&#8243; admin_label=&#8221;Presse&#8221; _builder_version=&#8221;4.27.4&#8243; _module_preset=&#8221;_initial&#8221; locked=&#8221;off&#8221; global_colors_info=&#8221;{}&#8221;][et_pb_row column_structure=&#8221;3_5,2_5&#8243; admin_label=&#8221;Press&#8221; _builder_version=&#8221;4.27.4&#8243; _module_preset=&#8221;default&#8221; module_alignment=&#8221;center&#8221; global_colors_info=&#8221;{}&#8221;][et_pb_column type=&#8221;3_5&#8243; _builder_version=&#8221;4.27.4&#8243; _module_preset=&#8221;default&#8221; global_colors_info=&#8221;{}&#8221;][et_pb_text _builder_version=&#8221;4.27.4&#8243; _module_preset=&#8221;7344113a-bbfa-4999-86ab-4b2ad1d989bf&#8221; global_colors_info=&#8221;{}&#8221;] Here you will find all BAUM press releases at a [&hellip;]","og_url":"https:\/\/baumev.de\/en\/presse\/","og_site_name":"BAUM e.V.","article_modified_time":"2026-04-29T15:02:48+00:00","og_image":[{"width":2000,"height":1125,"url":"https:\/\/baumev.de\/wp-content\/uploads\/2024\/11\/BAUM-Logo-mit-Claim_16zu9.png","type":"image\/png"}],"twitter_card":"summary_large_image","twitter_misc":{"Estimated reading time":"2 minutes"},"schema":{"@context":"https:\/\/schema.org","@graph":[{"@type":"WebPage","@id":"https:\/\/baumev.de\/en\/presse\/","url":"https:\/\/baumev.de\/en\/presse\/","name":"Press - BAUM e.V.","isPartOf":{"@id":"\/#website"},"datePublished":"2025-03-07T10:56:46+00:00","dateModified":"2026-04-29T15:02:48+00:00","breadcrumb":{"@id":"https:\/\/baumev.de\/en\/presse\/#breadcrumb"},"inLanguage":"en-GB","potentialAction":[{"@type":"ReadAction","target":["https:\/\/baumev.de\/en\/presse\/"]}]},{"@type":"BreadcrumbList","@id":"https:\/\/baumev.de\/en\/presse\/#breadcrumb","itemListElement":[{"@type":"ListItem","position":1,"name":"Startseite","item":"https:\/\/baumev.de\/en\/"},{"@type":"ListItem","position":2,"name":"Press"}]},{"@type":"WebSite","@id":"\/#website","url":"\/","name":"BAUM e.V.","description":"BAUM e.V. \u2013 Netzwerk f\u00fcr nachhaltiges Wirtschaften","publisher":{"@id":"\/#organization"},"potentialAction":[{"@type":"SearchAction","target":{"@type":"EntryPoint","urlTemplate":"\/?s={search_term_string}"},"query-input":{"@type":"PropertyValueSpecification","valueRequired":true,"valueName":"search_term_string"}}],"inLanguage":"en-GB"},{"@type":"Organization","@id":"\/#organization","name":"BAUM e.V.","alternateName":"Bundesdeutscher Arbeitskreis f\u00fcr Umweltbewusstes Management","url":"\/","logo":{"@type":"ImageObject","inLanguage":"en-GB","@id":"\/#\/schema\/logo\/image\/","url":"https:\/\/baumev.de\/wp-content\/uploads\/2025\/04\/Element-1.svg","contentUrl":"https:\/\/baumev.de\/wp-content\/uploads\/2025\/04\/Element-1.svg","width":"1024","height":"1024","caption":"BAUM e.V."},"image":{"@id":"\/#\/schema\/logo\/image\/"},"sameAs":["https:\/\/www.linkedin.com\/company\/baum-ev"]}]}},"_links":{"self":[{"href":"https:\/\/baumev.de\/en\/wp-json\/wp\/v2\/pages\/20517","targetHints":{"allow":["GET"]}}],"collection":[{"href":"https:\/\/baumev.de\/en\/wp-json\/wp\/v2\/pages"}],"about":[{"href":"https:\/\/baumev.de\/en\/wp-json\/wp\/v2\/types\/page"}],"author":[{"embeddable":true,"href":"https:\/\/baumev.de\/en\/wp-json\/wp\/v2\/users\/1"}],"replies":[{"embeddable":true,"href":"https:\/\/baumev.de\/en\/wp-json\/wp\/v2\/comments?post=20517"}],"version-history":[{"count":6,"href":"https:\/\/baumev.de\/en\/wp-json\/wp\/v2\/pages\/20517\/revisions"}],"predecessor-version":[{"id":20523,"href":"https:\/\/baumev.de\/en\/wp-json\/wp\/v2\/pages\/20517\/revisions\/20523"}],"wp:attachment":[{"href":"https:\/\/baumev.de\/en\/wp-json\/wp\/v2\/media?parent=20517"}],"curies":[{"name":"wp","href":"https:\/\/api.w.org\/{rel}","templated":true}]}}